{"id":45,"date":"2017-02-16T09:17:12","date_gmt":"2017-02-16T08:17:12","guid":{"rendered":"http:\/\/mxajfmgl.preview.infomaniak.website\/?page_id=45"},"modified":"2026-02-09T12:39:13","modified_gmt":"2026-02-09T11:39:13","slug":"contact","status":"publish","type":"page","link":"https:\/\/solidarite-handicap.ch\/wordp\/contact\/","title":{"rendered":"L&rsquo;Association &#8211; pour r\u00e9fl\u00e9chir et agir ensemble."},"content":{"rendered":"\n<div class=\"wp-block-columns is-layout-flex wp-container-core-columns-is-layout-28f84493 wp-block-columns-is-layout-flex\">\n<div class=\"wp-block-column is-layout-flow wp-block-column-is-layout-flow\" style=\"flex-basis:60%\">\n<p style=\"text-align: justify;\">La section vaudoise de l\u2019Association Suisse d\u2019Aide aux handicap\u00e9s mentaux (ASA) a \u00e9t\u00e9 cr\u00e9\u00e9e en 1959. En 1992 nous devenons Solidarit\u00e9-Handicap mental.<br>L\u2019association, \u00e0 buts non lucratifs, est repr\u00e9sent\u00e9e par son Comit\u00e9, compos\u00e9 de personnes en situation de handicap, de parents et de professionnels, qui pratiquent le dialogue au quotidien. Nous poursuivons notamment les objectifs suivants :<\/p>\n<ul style=\"text-align: justify;\">\n<li>promouvoir l&rsquo;\u00e9ducation et la formation, le d\u00e9veloppement et l&rsquo;autonomie, la prise en charge et l&rsquo;int\u00e9gration des personnes en situation de d\u00e9ficience intellectuelle dans tous les domaines de la vie priv\u00e9e et publique, quels que soient leur \u00e2ge et le degr\u00e9 de leur d\u00e9ficience&nbsp;;<\/li>\n<li>encourager le droit \u00e0 l\u2019autod\u00e9termination, notamment par l\u2019expression et la participation des personnes en situation de handicap&nbsp;;<\/li>\n<li>lutter contre toute forme de maltraitance ou d\u2019abus&nbsp;;<\/li>\n<li>informer le public et les milieux int\u00e9ress\u00e9s sur les besoins, les droits et les comp\u00e9tences des personnes concern\u00e9es;<\/li>\n<li>prendre position sur les questions concernant la d\u00e9ficience intellectuelle dans la soci\u00e9t\u00e9.<\/li>\n<\/ul>\n<p>Notre association est subventionn\u00e9e par la Conf\u00e9d\u00e9ration et par l&rsquo;Etat de Vaud.<\/p>\nConsulter la <a href=\"https:\/\/solidarite-handicap.ch\/wordp\/wp-content\/uploads\/2026\/02\/Declaration-de-protection-des-donnees-SHM-2025.pdf\" taget=\"_new\">d\u00e9claration de protection des donn\u00e9es<\/a> de l&rsquo;association Solidarit\u00e9-Handicap mental.\n<\/div>\n\n\n\n<div class=\"wp-block-column is-layout-flow wp-block-column-is-layout-flow\" style=\"flex-basis:33.33%\">\n<div class=\"wp-block-group has-luminous-vivid-amber-background-color has-background\"><div class=\"wp-block-group__inner-container is-layout-flow wp-block-group-is-layout-flow\">\n<div class=\"grey\">Pour faire un don&nbsp;:<\/div>\n<p>IBAN <strong>CH28&nbsp;0076&nbsp;7000&nbsp;A021&nbsp;7091&nbsp;1<\/strong><br>ou CCP&nbsp;: Solidarit\u00e9-Handicap mental <strong>17-691544-0<\/strong><\/p>\n<p><img loading=\"lazy\" decoding=\"async\" class=\"alignnone  wp-image-31416\" src=\"https:\/\/solidarite-handicap.ch\/wordp\/wp-content\/uploads\/2022\/06\/code-qr-dons-300x300.png\" alt=\"\" width=\"143\" height=\"143\" srcset=\"https:\/\/solidarite-handicap.ch\/wordp\/wp-content\/uploads\/2022\/06\/code-qr-dons-300x300.png 300w, https:\/\/solidarite-handicap.ch\/wordp\/wp-content\/uploads\/2022\/06\/code-qr-dons-1024x1022.png 1024w, https:\/\/solidarite-handicap.ch\/wordp\/wp-content\/uploads\/2022\/06\/code-qr-dons-150x150.png 150w, https:\/\/solidarite-handicap.ch\/wordp\/wp-content\/uploads\/2022\/06\/code-qr-dons-768x767.png 768w, https:\/\/solidarite-handicap.ch\/wordp\/wp-content\/uploads\/2022\/06\/code-qr-dons-40x40.png 40w, https:\/\/solidarite-handicap.ch\/wordp\/wp-content\/uploads\/2022\/06\/code-qr-dons-36x36.png 36w, https:\/\/solidarite-handicap.ch\/wordp\/wp-content\/uploads\/2022\/06\/code-qr-dons-48x48.png 48w, https:\/\/solidarite-handicap.ch\/wordp\/wp-content\/uploads\/2022\/06\/code-qr-dons-324x324.png 324w, https:\/\/solidarite-handicap.ch\/wordp\/wp-content\/uploads\/2022\/06\/code-qr-dons-416x415.png 416w, https:\/\/solidarite-handicap.ch\/wordp\/wp-content\/uploads\/2022\/06\/code-qr-dons-100x100.png 100w, https:\/\/solidarite-handicap.ch\/wordp\/wp-content\/uploads\/2022\/06\/code-qr-dons.png 1244w\" sizes=\"auto, (max-width: 143px) 100vw, 143px\" \/><\/p>\n<p>Vous trouverez plus d&rsquo;informations sur l&rsquo;association et ses combats dans <strong><a href=\"https:\/\/solidarite-handicap.ch\/wordp\/historique-de-lassociation\">notre page historique de l&rsquo;association<\/a><\/strong>.<\/p>\n\n\n\n<div class=\"wp-block-buttons is-layout-flex wp-block-buttons-is-layout-flex\">\n<div class=\"wp-block-button\"><a class=\"wp-block-button__link has-white-color has-vivid-red-background-color has-text-color has-background\" href=\"https:\/\/solidarite-handicap.ch\/wordp\/contact\/demande-pour-devenir-membre-de-solidarite-handicap-mental\/\" style=\"border-radius:13px\">Devenir membre de l&rsquo;association<\/a><\/div>\n<\/div>\n<\/div><\/div>\n<\/div>\n<\/div>\n\n\n\n<p class=\"has-text-align-center has-medium-font-size\"><strong>Les Rapports annuels<\/strong><\/p>\n\n\n\n<p>\n<div class=\"wp-block-image\"><figure class=\"aligncenter size-large\"><a href=\"https:\/\/solidarite-handicap.ch\/wordp\/wp-content\/uploads\/2025\/07\/rapport2024-web.pdf\" target=\"_blank\" rel=\"noopener\"><img decoding=\"async\" src=\"https:\/\/solidarite-handicap.ch\/wordp\/wp-content\/uploads\/2025\/07\/rapport-24.jpg\" alt=\"\" class=\"wp-image-31648\"\/><\/a><figcaption>Rapport 2024<\/figcaption><\/figure><\/div>\n<\/p>\n\n\n<div class=\"wp-block-columns is-layout-flex wp-container-core-columns-is-layout-28f84493 wp-block-columns-is-layout-flex\">\n<div class=\"wp-block-column is-layout-flow wp-block-column-is-layout-flow\">\n<div class=\"wp-block-image\"><figure class=\"aligncenter size-large\"><a href=\"https:\/\/solidarite-handicap.ch\/wordp\/wp-content\/uploads\/2024\/06\/rapport2023-web.pdf\" target=\"_blank\" rel=\"noopener\"><img decoding=\"async\" src=\"https:\/\/solidarite-handicap.ch\/wordp\/wp-content\/uploads\/2024\/06\/RA-23.png\" alt=\"\" class=\"wp-image-31648\"\/><\/a><figcaption>Rapport 2023<\/figcaption><\/figure><\/div>\n\n\n\n<div class=\"wp-block-image\"><figure class=\"aligncenter size-large\"><a href=\"https:\/\/solidarite-handicap.ch\/wordp\/wp-content\/uploads\/2023\/09\/rapport2022-web2.pdf\" target=\"_blank\" rel=\"noopener\"><img loading=\"lazy\" decoding=\"async\" width=\"548\" height=\"384\" src=\"https:\/\/solidarite-handicap.ch\/wordp\/wp-content\/uploads\/2023\/07\/ra22.png\" alt=\"\" class=\"wp-image-31648\" srcset=\"https:\/\/solidarite-handicap.ch\/wordp\/wp-content\/uploads\/2023\/07\/ra22.png 548w, https:\/\/solidarite-handicap.ch\/wordp\/wp-content\/uploads\/2023\/07\/ra22-300x210.png 300w, https:\/\/solidarite-handicap.ch\/wordp\/wp-content\/uploads\/2023\/07\/ra22-57x40.png 57w, https:\/\/solidarite-handicap.ch\/wordp\/wp-content\/uploads\/2023\/07\/ra22-36x25.png 36w, https:\/\/solidarite-handicap.ch\/wordp\/wp-content\/uploads\/2023\/07\/ra22-48x34.png 48w, https:\/\/solidarite-handicap.ch\/wordp\/wp-content\/uploads\/2023\/07\/ra22-416x292.png 416w\" sizes=\"auto, (max-width: 548px) 100vw, 548px\" \/><\/a><figcaption>Rapport 2022<\/figcaption><\/figure><\/div>\n\n\n\n<div class=\"wp-block-image\"><figure class=\"aligncenter size-large\"><a href=\"https:\/\/solidarite-handicap.ch\/wordp\/wp-content\/uploads\/2020\/12\/rapport2019.pdf\" target=\"_blank\" rel=\"noopener\"><img loading=\"lazy\" decoding=\"async\" width=\"556\" height=\"383\" src=\"https:\/\/solidarite-handicap.ch\/wordp\/wp-content\/uploads\/2020\/12\/Screenshot_20201215_112357.png\" alt=\"\" class=\"wp-image-29617\" srcset=\"https:\/\/solidarite-handicap.ch\/wordp\/wp-content\/uploads\/2020\/12\/Screenshot_20201215_112357.png 556w, https:\/\/solidarite-handicap.ch\/wordp\/wp-content\/uploads\/2020\/12\/Screenshot_20201215_112357-300x207.png 300w, https:\/\/solidarite-handicap.ch\/wordp\/wp-content\/uploads\/2020\/12\/Screenshot_20201215_112357-58x40.png 58w, https:\/\/solidarite-handicap.ch\/wordp\/wp-content\/uploads\/2020\/12\/Screenshot_20201215_112357-36x25.png 36w, https:\/\/solidarite-handicap.ch\/wordp\/wp-content\/uploads\/2020\/12\/Screenshot_20201215_112357-48x33.png 48w, https:\/\/solidarite-handicap.ch\/wordp\/wp-content\/uploads\/2020\/12\/Screenshot_20201215_112357-416x287.png 416w\" sizes=\"auto, (max-width: 556px) 100vw, 556px\" \/><\/a><figcaption>Rapport 2019<\/figcaption><\/figure><\/div>\n<\/div>\n\n\n\n<div class=\"wp-block-column is-layout-flow wp-block-column-is-layout-flow\">\n<div class=\"wp-block-image\"><figure class=\"aligncenter size-large\"><img decoding=\"async\" src=\"https:\/\/solidarite-handicap.ch\/wordp\/wp-content\/uploads\/2025\/08\/rapport-00.jpg\" alt=\"\" class=\"wp-image-31641\"\/><figcaption>&nbsp;<\/figcaption><\/figure><\/div>\n\n\n\n<div class=\"wp-block-image\"><figure class=\"aligncenter size-large\"><a href=\"https:\/\/solidarite-handicap.ch\/wordp\/wp-content\/uploads\/2022\/06\/rapport2021-1.pdf\" target=\"_blank\" rel=\"noopener\"><img loading=\"lazy\" decoding=\"async\" width=\"726\" height=\"508\" src=\"https:\/\/solidarite-handicap.ch\/wordp\/wp-content\/uploads\/2023\/06\/Capture-de\u0301cran-2023-06-05-a\u0300-11.27.47.png\" alt=\"\" class=\"wp-image-31641\" srcset=\"https:\/\/solidarite-handicap.ch\/wordp\/wp-content\/uploads\/2023\/06\/Capture-de\u0301cran-2023-06-05-a\u0300-11.27.47.png 726w, https:\/\/solidarite-handicap.ch\/wordp\/wp-content\/uploads\/2023\/06\/Capture-de\u0301cran-2023-06-05-a\u0300-11.27.47-300x210.png 300w, https:\/\/solidarite-handicap.ch\/wordp\/wp-content\/uploads\/2023\/06\/Capture-de\u0301cran-2023-06-05-a\u0300-11.27.47-57x40.png 57w, https:\/\/solidarite-handicap.ch\/wordp\/wp-content\/uploads\/2023\/06\/Capture-de\u0301cran-2023-06-05-a\u0300-11.27.47-36x25.png 36w, https:\/\/solidarite-handicap.ch\/wordp\/wp-content\/uploads\/2023\/06\/Capture-de\u0301cran-2023-06-05-a\u0300-11.27.47-48x34.png 48w, https:\/\/solidarite-handicap.ch\/wordp\/wp-content\/uploads\/2023\/06\/Capture-de\u0301cran-2023-06-05-a\u0300-11.27.47-416x291.png 416w\" sizes=\"auto, (max-width: 726px) 100vw, 726px\" \/><\/a><figcaption>Rapport 2021<\/figcaption><\/figure><\/div>\n\n\n\n<div class=\"wp-block-image\"><figure class=\"aligncenter size-large\"><a href=\"https:\/\/solidarite-handicap.ch\/wordp\/wp-content\/uploads\/2020\/12\/rapport2018.pdf\" target=\"_blank\" rel=\"noopener\"><img loading=\"lazy\" decoding=\"async\" width=\"556\" height=\"383\" src=\"https:\/\/solidarite-handicap.ch\/wordp\/wp-content\/uploads\/2020\/12\/Screenshot_20201215_112633.png\" alt=\"\" class=\"wp-image-29619\" srcset=\"https:\/\/solidarite-handicap.ch\/wordp\/wp-content\/uploads\/2020\/12\/Screenshot_20201215_112633.png 556w, https:\/\/solidarite-handicap.ch\/wordp\/wp-content\/uploads\/2020\/12\/Screenshot_20201215_112633-300x207.png 300w, https:\/\/solidarite-handicap.ch\/wordp\/wp-content\/uploads\/2020\/12\/Screenshot_20201215_112633-58x40.png 58w, https:\/\/solidarite-handicap.ch\/wordp\/wp-content\/uploads\/2020\/12\/Screenshot_20201215_112633-36x25.png 36w, https:\/\/solidarite-handicap.ch\/wordp\/wp-content\/uploads\/2020\/12\/Screenshot_20201215_112633-48x33.png 48w, https:\/\/solidarite-handicap.ch\/wordp\/wp-content\/uploads\/2020\/12\/Screenshot_20201215_112633-416x287.png 416w\" sizes=\"auto, (max-width: 556px) 100vw, 556px\" \/><\/a><figcaption>Rapport 2018<\/figcaption><\/figure><\/div>\n<\/div>\n\n\n\n<div class=\"wp-block-column is-layout-flow wp-block-column-is-layout-flow\">\n<div class=\"wp-block-image\"><figure class=\"aligncenter size-large\"><img decoding=\"async\" src=\"https:\/\/solidarite-handicap.ch\/wordp\/wp-content\/uploads\/2025\/08\/rapport-00.jpg\" alt=\"\" class=\"wp-image-31641\"\/><figcaption>&nbsp;<\/figcaption><\/figure><\/div>\n\n\n\n<div class=\"wp-block-image\"><figure class=\"aligncenter size-large\"><a href=\"https:\/\/solidarite-handicap.ch\/wordp\/wp-content\/uploads\/2021\/06\/rapport2020.pdf\" target=\"_blank\" rel=\"noopener\"><img loading=\"lazy\" decoding=\"async\" width=\"342\" height=\"241\" src=\"https:\/\/solidarite-handicap.ch\/wordp\/wp-content\/uploads\/2021\/06\/Capture-de\u0301cran-2021-06-24-a\u0300-16.16.53.png\" alt=\"\" class=\"wp-image-31176\" srcset=\"https:\/\/solidarite-handicap.ch\/wordp\/wp-content\/uploads\/2021\/06\/Capture-de\u0301cran-2021-06-24-a\u0300-16.16.53.png 342w, https:\/\/solidarite-handicap.ch\/wordp\/wp-content\/uploads\/2021\/06\/Capture-de\u0301cran-2021-06-24-a\u0300-16.16.53-300x211.png 300w, https:\/\/solidarite-handicap.ch\/wordp\/wp-content\/uploads\/2021\/06\/Capture-de\u0301cran-2021-06-24-a\u0300-16.16.53-57x40.png 57w, https:\/\/solidarite-handicap.ch\/wordp\/wp-content\/uploads\/2021\/06\/Capture-de\u0301cran-2021-06-24-a\u0300-16.16.53-36x25.png 36w, https:\/\/solidarite-handicap.ch\/wordp\/wp-content\/uploads\/2021\/06\/Capture-de\u0301cran-2021-06-24-a\u0300-16.16.53-48x34.png 48w\" sizes=\"auto, (max-width: 342px) 100vw, 342px\" \/><\/a><figcaption>Rapport 2020<\/figcaption><\/figure><\/div>\n\n\n\n<div class=\"wp-block-image\"><figure class=\"aligncenter size-large\"><a href=\"https:\/\/solidarite-handicap.ch\/wordp\/wp-content\/uploads\/2020\/12\/rapport2017.pdf\"><img loading=\"lazy\" decoding=\"async\" width=\"556\" height=\"383\" src=\"https:\/\/solidarite-handicap.ch\/wordp\/wp-content\/uploads\/2020\/12\/Screenshot_20201215_112658.png\" alt=\"\" class=\"wp-image-29620\" srcset=\"https:\/\/solidarite-handicap.ch\/wordp\/wp-content\/uploads\/2020\/12\/Screenshot_20201215_112658.png 556w, https:\/\/solidarite-handicap.ch\/wordp\/wp-content\/uploads\/2020\/12\/Screenshot_20201215_112658-300x207.png 300w, https:\/\/solidarite-handicap.ch\/wordp\/wp-content\/uploads\/2020\/12\/Screenshot_20201215_112658-58x40.png 58w, https:\/\/solidarite-handicap.ch\/wordp\/wp-content\/uploads\/2020\/12\/Screenshot_20201215_112658-36x25.png 36w, https:\/\/solidarite-handicap.ch\/wordp\/wp-content\/uploads\/2020\/12\/Screenshot_20201215_112658-48x33.png 48w, https:\/\/solidarite-handicap.ch\/wordp\/wp-content\/uploads\/2020\/12\/Screenshot_20201215_112658-416x287.png 416w\" sizes=\"auto, (max-width: 556px) 100vw, 556px\" \/><\/a><figcaption>Rapport 2017<\/figcaption><\/figure><\/div>\n<\/div>\n\n\n\n<div class=\"wp-block-column is-layout-flow wp-block-column-is-layout-flow\">\n<div class=\"wp-block-group has-luminous-vivid-amber-background-color has-background\"><div class=\"wp-block-group__inner-container is-layout-flow wp-block-group-is-layout-flow\">\n<p>Voir tous les rapports annuels&#8230;<\/p>\n<\/div><\/div>\n<\/div>\n<\/div>\n\n\n\n<p class=\"has-text-align-center has-medium-font-size\"><strong>Le P&rsquo;tit Journal<\/strong><\/p>\n\n\n\n<div class=\"wp-block-columns is-layout-flex wp-container-core-columns-is-layout-28f84493 wp-block-columns-is-layout-flex\">\n<div class=\"wp-block-column is-layout-flow wp-block-column-is-layout-flow\">\n<div class=\"wp-block-image\"><figure class=\"aligncenter size-large is-resized\"><a href=\"https:\/\/solidarite-handicap.ch\/wordp\/wp-content\/uploads\/2020\/11\/numero20.pdf\"><img loading=\"lazy\" decoding=\"async\" src=\"https:\/\/solidarite-handicap.ch\/wordp\/wp-content\/uploads\/2020\/11\/numero20-pdf.jpg\" alt=\"thumbnail of numero20\" class=\"wp-image-28961\" width=\"181\" height=\"256\" srcset=\"https:\/\/solidarite-handicap.ch\/wordp\/wp-content\/uploads\/2020\/11\/numero20-pdf.jpg 724w, https:\/\/solidarite-handicap.ch\/wordp\/wp-content\/uploads\/2020\/11\/numero20-pdf-212x300.jpg 212w, https:\/\/solidarite-handicap.ch\/wordp\/wp-content\/uploads\/2020\/11\/numero20-pdf-28x40.jpg 28w, https:\/\/solidarite-handicap.ch\/wordp\/wp-content\/uploads\/2020\/11\/numero20-pdf-25x36.jpg 25w, https:\/\/solidarite-handicap.ch\/wordp\/wp-content\/uploads\/2020\/11\/numero20-pdf-34x48.jpg 34w, https:\/\/solidarite-handicap.ch\/wordp\/wp-content\/uploads\/2020\/11\/numero20-pdf-416x588.jpg 416w\" sizes=\"auto, (max-width: 181px) 100vw, 181px\" \/><\/a><figcaption>P&rsquo;tit Journal 20<\/figcaption><\/figure><\/div>\n<\/div>\n\n\n\n<div class=\"wp-block-column is-layout-flow wp-block-column-is-layout-flow\">\n<div class=\"wp-block-image\"><figure class=\"aligncenter size-large is-resized\"><a href=\"https:\/\/solidarite-handicap.ch\/wordp\/wp-content\/uploads\/2020\/11\/numero19.pdf\" target=\"_blank\" rel=\"noopener noreferrer\"><img loading=\"lazy\" decoding=\"async\" src=\"https:\/\/solidarite-handicap.ch\/wordp\/wp-content\/uploads\/2020\/11\/numero19-pdf.jpg\" alt=\"thumbnail of numero19\" class=\"wp-image-28959\" width=\"181\" height=\"256\" srcset=\"https:\/\/solidarite-handicap.ch\/wordp\/wp-content\/uploads\/2020\/11\/numero19-pdf.jpg 724w, https:\/\/solidarite-handicap.ch\/wordp\/wp-content\/uploads\/2020\/11\/numero19-pdf-212x300.jpg 212w, https:\/\/solidarite-handicap.ch\/wordp\/wp-content\/uploads\/2020\/11\/numero19-pdf-28x40.jpg 28w, https:\/\/solidarite-handicap.ch\/wordp\/wp-content\/uploads\/2020\/11\/numero19-pdf-25x36.jpg 25w, https:\/\/solidarite-handicap.ch\/wordp\/wp-content\/uploads\/2020\/11\/numero19-pdf-34x48.jpg 34w, https:\/\/solidarite-handicap.ch\/wordp\/wp-content\/uploads\/2020\/11\/numero19-pdf-416x588.jpg 416w\" sizes=\"auto, (max-width: 181px) 100vw, 181px\" \/><\/a><figcaption>P&rsquo;tit Journal 19<\/figcaption><\/figure><\/div>\n<\/div>\n\n\n\n<div class=\"wp-block-column is-layout-flow wp-block-column-is-layout-flow\">\n<div class=\"wp-block-image\"><figure class=\"aligncenter size-large is-resized\"><a href=\"https:\/\/solidarite-handicap.ch\/wordp\/wp-content\/uploads\/2020\/11\/numero18.pdf\" target=\"_blank\" rel=\"noopener noreferrer\"><img loading=\"lazy\" decoding=\"async\" src=\"https:\/\/solidarite-handicap.ch\/wordp\/wp-content\/uploads\/2020\/11\/numero18-pdf.jpg\" alt=\"thumbnail of numero18\" class=\"wp-image-28957\" width=\"181\" height=\"256\" srcset=\"https:\/\/solidarite-handicap.ch\/wordp\/wp-content\/uploads\/2020\/11\/numero18-pdf.jpg 724w, https:\/\/solidarite-handicap.ch\/wordp\/wp-content\/uploads\/2020\/11\/numero18-pdf-212x300.jpg 212w, https:\/\/solidarite-handicap.ch\/wordp\/wp-content\/uploads\/2020\/11\/numero18-pdf-28x40.jpg 28w, https:\/\/solidarite-handicap.ch\/wordp\/wp-content\/uploads\/2020\/11\/numero18-pdf-25x36.jpg 25w, https:\/\/solidarite-handicap.ch\/wordp\/wp-content\/uploads\/2020\/11\/numero18-pdf-34x48.jpg 34w, https:\/\/solidarite-handicap.ch\/wordp\/wp-content\/uploads\/2020\/11\/numero18-pdf-416x588.jpg 416w\" sizes=\"auto, (max-width: 181px) 100vw, 181px\" \/><\/a><figcaption>P&rsquo;tit Journal 18<\/figcaption><\/figure><\/div>\n<\/div>\n\n\n\n<div class=\"wp-block-column is-layout-flow wp-block-column-is-layout-flow\">\n<div class=\"wp-block-group has-luminous-vivid-amber-background-color has-background\"><div class=\"wp-block-group__inner-container is-layout-flow wp-block-group-is-layout-flow\">\n<p><a href=\"https:\/\/solidarite-handicap.ch\/wordp\/contact\/les-publications\/\" data-type=\"page\" data-id=\"30583\">Voir tous les num\u00e9ros du P&rsquo;tit journal&#8230;<\/a><\/p>\n<\/div><\/div>\n<\/div>\n<\/div>\n\n\n\n<p><\/p>\n","protected":false},"excerpt":{"rendered":"<p>La section vaudoise de l\u2019Association Suisse d\u2019Aide aux handicap\u00e9s mentaux (ASA) a \u00e9t\u00e9 cr\u00e9\u00e9e en 1959. En 1992 nous devenons Solidarit\u00e9-Handicap mental.L\u2019association, \u00e0 buts non lucratifs, est repr\u00e9sent\u00e9e par son Comit\u00e9, compos\u00e9 de personnes en situation de handicap, de parents et de professionnels, qui pratiquent le dialogue au quotidien. Nous poursuivons notamment les objectifs suivants [&hellip;]<\/p>\n","protected":false},"author":1,"featured_media":0,"parent":0,"menu_order":0,"comment_status":"closed","ping_status":"closed","template":"","meta":{"footnotes":""},"class_list":["post-45","page","type-page","status-publish","hentry"],"_links":{"self":[{"href":"https:\/\/solidarite-handicap.ch\/wordp\/wp-json\/wp\/v2\/pages\/45","targetHints":{"allow":["GET"]}}],"collection":[{"href":"https:\/\/solidarite-handicap.ch\/wordp\/wp-json\/wp\/v2\/pages"}],"about":[{"href":"https:\/\/solidarite-handicap.ch\/wordp\/wp-json\/wp\/v2\/types\/page"}],"author":[{"embeddable":true,"href":"https:\/\/solidarite-handicap.ch\/wordp\/wp-json\/wp\/v2\/users\/1"}],"replies":[{"embeddable":true,"href":"https:\/\/solidarite-handicap.ch\/wordp\/wp-json\/wp\/v2\/comments?post=45"}],"version-history":[{"count":74,"href":"https:\/\/solidarite-handicap.ch\/wordp\/wp-json\/wp\/v2\/pages\/45\/revisions"}],"predecessor-version":[{"id":32506,"href":"https:\/\/solidarite-handicap.ch\/wordp\/wp-json\/wp\/v2\/pages\/45\/revisions\/32506"}],"wp:attachment":[{"href":"https:\/\/solidarite-handicap.ch\/wordp\/wp-json\/wp\/v2\/media?parent=45"}],"curies":[{"name":"wp","href":"https:\/\/api.w.org\/{rel}","templated":true}]}}